{"id":312,"date":"2021-09-23T05:48:12","date_gmt":"2021-09-23T05:48:12","guid":{"rendered":"https:\/\/edumusique.ch\/wp\/?page_id=312"},"modified":"2025-05-12T15:58:53","modified_gmt":"2025-05-12T15:58:53","slug":"les-cordes-pincees","status":"publish","type":"page","link":"https:\/\/edumusique.ch\/?page_id=312","title":{"rendered":"Les cordes pinc\u00e9es"},"content":{"rendered":"\n<h2 class=\"wp-block-heading\">La harpe classique<\/h2>\n\n\n\n<p class=\"wp-block-paragraph\">La harpe est parmi les instruments les plus anciens qui soient. Cependant, dans sa forme classique elle n&rsquo;existe qu&rsquo;\u00e0 partir du d\u00e9but du 19e si\u00e8cle. Elle fut am\u00e9lior\u00e9e de la sorte par la firme Erard \u00e0 Paris, la m\u00eame qui avait fait du piano cet instrument moderne que l&rsquo;on sait. Elle comporte un m\u00e9canisme tr\u00e8s pouss\u00e9 \u00e0 7 p\u00e9dales qui permettent de hausser ou d&rsquo;abaisser dans trois positions chaque note de l&rsquo;instrument. Elle poss\u00e8de des cordes g\u00e9n\u00e9ralement en boyau ce qui lui conf\u00e8re un son tr\u00e8s doux. Elle se joue \u00e0 main nues, sans plectre.<\/p>\n\n\n\n<figure class=\"wp-block-embed is-type-video is-provider-youtube wp-block-embed-youtube wp-embed-aspect-16-9 wp-has-aspect-ratio\"><div class=\"wp-block-embed__wrapper\">\n<iframe loading=\"lazy\" title=\"B. Smetana: Vltava (Moldau) - Val\u00e9rie Milot, harp\/harpe\" width=\"880\" height=\"495\" src=\"https:\/\/www.youtube.com\/embed\/TnYCW8eWqQo?feature=oembed\" frameborder=\"0\" allow=\"accelerometer; autoplay; clipboard-write; encrypted-media; gyroscope; picture-in-picture\" allowfullscreen><\/iframe>\n<\/div><\/figure>\n\n\n\n<figure class=\"wp-block-video\"><video height=\"240\" style=\"aspect-ratio: 320 \/ 240;\" width=\"320\" controls src=\"https:\/\/edumusique.ch\/wp-content\/uploads\/2021\/09\/harpe-fourchettes.mp4\"><\/video><\/figure>\n\n\n\n<figure class=\"wp-block-image size-full\"><img loading=\"lazy\" decoding=\"async\" width=\"800\" height=\"307\" src=\"https:\/\/edumusique.ch\/wp-content\/uploads\/2021\/09\/harp_collection2.jpg\" alt=\"\" class=\"wp-image-1247\" srcset=\"https:\/\/edumusique.ch\/wp-content\/uploads\/2021\/09\/harp_collection2.jpg 800w, https:\/\/edumusique.ch\/wp-content\/uploads\/2021\/09\/harp_collection2-300x115.jpg 300w, https:\/\/edumusique.ch\/wp-content\/uploads\/2021\/09\/harp_collection2-768x295.jpg 768w\" sizes=\"auto, (max-width: 800px) 100vw, 800px\" \/><\/figure>\n\n\n\n<h2 class=\"wp-block-heading\">La harpe celtique<\/h2>\n\n\n\n<p class=\"wp-block-paragraph\">R\u00e9pandue en Irlande (cl\u00e1irseach), en \u00c9cosse (cl\u00e1rsach), au Pays de Galles (telyn), en Bretagne (telenn) et en Galice (Espagne), pour jouer et accompagner la musique celtique, la harpe celtique jouit d&rsquo;un regain de popularit\u00e9 en Bretagne depuis les ann\u00e9es 1950. Plus petite que la harpe de concert, elle est plus maniable. Elle poss\u00e8de un r\u00e9pertoire propre n\u00e9 de l&rsquo;\u00e9poque o\u00f9 elle \u00e9tait l&rsquo;instrument des musiciens ambulants. Elle fait notamment partie des symboles de l&rsquo;Irlande.<\/p>\n\n\n\n<figure class=\"wp-block-embed is-type-video is-provider-youtube wp-block-embed-youtube wp-embed-aspect-4-3 wp-has-aspect-ratio\"><div class=\"wp-block-embed__wrapper\">\n<iframe loading=\"lazy\" title=\"Celtic Harp at Lorient 2008\" width=\"880\" height=\"660\" src=\"https:\/\/www.youtube.com\/embed\/WTe6t6eyUQ4?feature=oembed\" frameborder=\"0\" allow=\"accelerometer; autoplay; clipboard-write; encrypted-media; gyroscope; picture-in-picture\" allowfullscreen><\/iframe>\n<\/div><\/figure>\n\n\n\n<h2 class=\"wp-block-heading\">Le banjo<\/h2>\n\n\n\n<p class=\"wp-block-paragraph\">Le banjo est un instrument nord-am\u00e9ricain. Avec sa table d&rsquo;harmonie \u00e0 membrane, on le distingue facilement de la guitare. Cet instrument serait un d\u00e9riv\u00e9 du luth ouest-africain.<\/p>\n\n\n\n<p class=\"wp-block-paragraph\">L&rsquo;origine de l&rsquo;instrument moderne remonte d&rsquo;abord aux ann\u00e9es 1830-1840 durant lesquelles a commenc\u00e9 l&rsquo;industrialisation et la commercialisation d&rsquo;un instrument plus ancien (XVIIe si\u00e8cle) utilis\u00e9 par les esclaves africains d\u00e9port\u00e9s aux \u00c9tats-Unis. Les musiciens noirs exploit\u00e8rent l&rsquo;aspect rythmique de l&rsquo;instrument avec un tel succ\u00e8s que les blancs du Sud des \u00c9tats-Unis s&rsquo;y int\u00e9ress\u00e8rent.<\/p>\n\n\n\n<p class=\"wp-block-paragraph\">Sa caisse de r\u00e9sonance qui consiste en un cadre circulaire en bois ou en m\u00e9tal sur lequel est tendue une membrane, produit un timbre tr\u00e8s particulier. La mati\u00e8re de cette membrane a \u00e9volu\u00e9 avec le temps : parchemin, cuir, peau et de nos jours, mati\u00e8re synth\u00e9tique. Muni d&rsquo;un long manche, \u00e0 l&rsquo;origine sans frettes, le banjo pr\u00e9sente quatre ou cinq cordes en m\u00e9tal.<\/p>\n\n\n\n<figure class=\"wp-block-embed is-type-video is-provider-youtube wp-block-embed-youtube wp-embed-aspect-4-3 wp-has-aspect-ratio\"><div class=\"wp-block-embed__wrapper\">\n<iframe loading=\"lazy\" title=\"Grandpa Jones  Picking Banjo\" width=\"880\" height=\"660\" src=\"https:\/\/www.youtube.com\/embed\/PQT0irw0hQk?feature=oembed\" frameborder=\"0\" allow=\"accelerometer; autoplay; clipboard-write; encrypted-media; gyroscope; picture-in-picture\" allowfullscreen><\/iframe>\n<\/div><\/figure>\n\n\n\n<h2 class=\"wp-block-heading\">Le clavecin<\/h2>\n\n\n\n<p class=\"wp-block-paragraph\">On trouve les origines du clavecin dans l&rsquo;\u00e9pinette, instrument \u00e0 clavier qui prend ses origines au moyen-\u00e2ge (13e si\u00e8cle) mais cet instrument se d\u00e9veloppe au cours du 16e si\u00e8cle et devient franchement incontournable au 17e si\u00e8cle durant la p\u00e9riode baroque. M\u00eame si l&rsquo;on en joue avec un clavier, celui-ci actionne des leviers munis de morceaux de plumes d&rsquo;oies qui viennent \u00ab\u00a0pincer\u00a0\u00bb la corde m\u00e9tallique.<\/p>\n\n\n\n<figure class=\"wp-block-video\"><video height=\"240\" style=\"aspect-ratio: 320 \/ 240;\" width=\"320\" controls src=\"https:\/\/edumusique.ch\/wp-content\/uploads\/2021\/09\/clavecin-mechanisme.mp4\"><\/video><\/figure>\n\n\n\n<figure class=\"wp-block-embed is-type-rich is-provider-prise-en-charge-des-contenus-embarques wp-block-embed-prise-en-charge-des-contenus-embarques wp-embed-aspect-4-3 wp-has-aspect-ratio\"><div class=\"wp-block-embed__wrapper\">\n<iframe loading=\"lazy\" title=\"Le Rappel des Oiseaux de Rameau - Luc Beaus\u00e9jour, clavecin \/ harpsichord\" width=\"880\" height=\"660\" src=\"https:\/\/www.youtube.com\/embed\/wrj9qtyxlWg?feature=oembed\" frameborder=\"0\" allow=\"accelerometer; autoplay; clipboard-write; encrypted-media; gyroscope; picture-in-picture\" allowfullscreen><\/iframe>\n<\/div><\/figure>\n\n\n\n<h2 class=\"wp-block-heading\">La mandoline<\/h2>\n\n\n\n<p class=\"wp-block-paragraph\">Elle descend aussi du luth, elle poss\u00e8de 4 choeurs de cordes (4 double cordes) m\u00e9talliques. Elle a un son aigu et nous vient d&rsquo;Italie, d\u00e8s le d\u00e9but du 17e si\u00e8cle. Vivaldi lui a donn\u00e9 ses lettres de noblesses avec son fameux concerto pour mandoline et orchestre.<\/p>\n\n\n\n<figure class=\"wp-block-embed is-type-rich is-provider-prise-en-charge-des-contenus-embarques wp-block-embed-prise-en-charge-des-contenus-embarques wp-embed-aspect-4-3 wp-has-aspect-ratio\"><div class=\"wp-block-embed__wrapper\">\n<iframe loading=\"lazy\" title=\"Vivaldi Mandolin Orchestra Concerto 1st Movement Ettlingen Detlef Tewes Boris Bagger RV 425\" width=\"880\" height=\"660\" src=\"https:\/\/www.youtube.com\/embed\/StNAG4gCIxY?feature=oembed\" frameborder=\"0\" allow=\"accelerometer; autoplay; clipboard-write; encrypted-media; gyroscope; picture-in-picture\" allowfullscreen><\/iframe>\n<\/div><\/figure>\n\n\n\n<h2 class=\"wp-block-heading\">La guitare classique<\/h2>\n\n\n\n<p class=\"wp-block-paragraph\">La guitare classique est n\u00e9e en Espagne durant le 16e si\u00e8cle. Elle descend du Oud et donc du luth car les arabes avaient envahi l&rsquo;Espagne. Elle poss\u00e8de une rosace assez grande, 6 cordes qui \u00e9taient en boyau \u00e0 l&rsquo;origine mais qui aujourd&rsquo;hui sont en nylon. Son son est tr\u00e8s chaleureux. Elle est encore tr\u00e8s populaire en Espagne et dans nos conservatoires.<\/p>\n\n\n\n<figure class=\"wp-block-embed is-type-rich is-provider-prise-en-charge-des-contenus-embarques wp-block-embed-prise-en-charge-des-contenus-embarques wp-embed-aspect-4-3 wp-has-aspect-ratio\"><div class=\"wp-block-embed__wrapper\">\n<iframe loading=\"lazy\" title=\"Emmanuel ROSSFELDER - ASTURIAS\" width=\"880\" height=\"660\" src=\"https:\/\/www.youtube.com\/embed\/5uinm1Dcd_s?feature=oembed\" frameborder=\"0\" allow=\"accelerometer; autoplay; clipboard-write; encrypted-media; gyroscope; picture-in-picture\" allowfullscreen><\/iframe>\n<\/div><\/figure>\n\n\n\n<h2 class=\"wp-block-heading\">La guitare folk ou acoustique<\/h2>\n\n\n\n<p class=\"wp-block-paragraph\">La guitare folk ou acoustique est n\u00e9e aux USA \u00e0 la toute fin du 19e si\u00e8cle. Elle fut durant les ann\u00e9es 60 l&rsquo;instrument de pr\u00e9dilection des baroudeurs de tout bord, et autres hippies. Elle poss\u00e8de 6 cordes m\u00e9talliques et une grosse caisse de r\u00e9sonance presque carr\u00e9e, avec des \u00e9clisses peu prononc\u00e9es. Elle a un son tr\u00e8s clair et plus m\u00e9tallique que la guitare classique.<\/p>\n\n\n\n<figure class=\"wp-block-embed is-type-video is-provider-youtube wp-block-embed-youtube wp-embed-aspect-16-9 wp-has-aspect-ratio\"><div class=\"wp-block-embed__wrapper\">\n<iframe loading=\"lazy\" title=\"Les diff\u00e9rences de son entre une guitare classique et folk\" width=\"880\" height=\"495\" src=\"https:\/\/www.youtube.com\/embed\/D8eQxTn6Lzk?feature=oembed\" frameborder=\"0\" allow=\"accelerometer; autoplay; clipboard-write; encrypted-media; gyroscope; picture-in-picture\" allowfullscreen><\/iframe>\n<\/div><\/figure>\n\n\n\n<h2 class=\"wp-block-heading\">La guitare \u00e9lectrique<\/h2>\n\n\n\n<p class=\"wp-block-paragraph\">La guitare \u00e9lectrique fut officiellement invent\u00e9e par Gibson aux USA dans les ann\u00e9es 50, m\u00eame si l&rsquo;on sait aujourd&rsquo;hui qu&rsquo;elle fut le fruit de nombreux essais dans plusieurs pays d&rsquo;Europe \u00e9galement. Elle produit un son amplifi\u00e9 artificiellement par des micros dispos\u00e9s sous chacune des cordes.<\/p>\n\n\n\n<figure class=\"wp-block-embed is-type-video is-provider-youtube wp-block-embed-youtube wp-embed-aspect-16-9 wp-has-aspect-ratio\"><div class=\"wp-block-embed__wrapper\">\n<iframe loading=\"lazy\" title=\"Purple Haze (Live at the Atlanta Pop Festival) (Digital Video)\" width=\"880\" height=\"495\" src=\"https:\/\/www.youtube.com\/embed\/cJunCsrhJjg?feature=oembed\" frameborder=\"0\" allow=\"accelerometer; autoplay; clipboard-write; encrypted-media; gyroscope; picture-in-picture\" allowfullscreen><\/iframe>\n<\/div><\/figure>\n\n\n\n<h2 class=\"wp-block-heading\">Le koto<\/h2>\n\n\n\n<p class=\"wp-block-paragraph\">Originaire de Chine, le koto est une longue cithare mesurant environ 1,80 m de long et comptant 13 cordes qui se joue principalement au Japon. La caisse est traditionnellement fabriqu\u00e9e en bois de paulownia \u00e9vid\u00e9, et les hauts chevalets amovibles, en ivoire. Ses cordes sont en fil de soie que l&rsquo;on pince avec des grattoirs en ivoire.<\/p>\n\n\n\n<p class=\"wp-block-paragraph\">Le koto produit un son lyrique, comparable \u00e0 celui d&rsquo;une harpe, ce qui peut expliquer le terme souvent rencontr\u00e9 de \u00ab harpe japonaise \u00bb.<\/p>\n\n\n\n<figure class=\"wp-block-embed is-type-rich is-provider-prise-en-charge-des-contenus-embarques wp-block-embed-prise-en-charge-des-contenus-embarques wp-embed-aspect-16-9 wp-has-aspect-ratio\"><div class=\"wp-block-embed__wrapper\">\n<iframe loading=\"lazy\" title=\"\u4f1d\u7d71\u97f3\u697d\u30c7\u30b8\u30bf\u30eb\u30e9\u30a4\u30d6\u30e9\u30ea\u30fc\u3000\u7b8f\u6f14\u594f \u300c\u8b83\u6b4c\u300d\" width=\"880\" height=\"495\" src=\"https:\/\/www.youtube.com\/embed\/Xgs4qq_ZsfE?feature=oembed\" frameborder=\"0\" allow=\"accelerometer; autoplay; clipboard-write; encrypted-media; gyroscope; picture-in-picture\" allowfullscreen><\/iframe>\n<\/div><\/figure>\n\n\n\n<h2 class=\"wp-block-heading\">Le ukul\u00e9l\u00e9<\/h2>\n\n\n\n<p class=\"wp-block-paragraph\">Il s&rsquo;agit d&rsquo;une petite guitare \u00e0 4 cordes. Il vient du Cavaquinho portugais. Les portugais ont d\u00e9barqu\u00e9 sur l&rsquo;\u00eele de Hawaii en 1879 avec cet instrument. Les hawaiiens l&rsquo;ont adopt\u00e9 mais en ont chang\u00e9 l&rsquo;accordage. Cet instrument a \u00e9t\u00e9 rendu tr\u00e8s c\u00e9l\u00e8bre par l&rsquo;interpr\u00e9tation de la chanson \u00ab\u00a0Over the rainbow\u00a0\u00bb par Iz.<\/p>\n\n\n\n<figure class=\"wp-block-embed is-type-rich is-provider-prise-en-charge-des-contenus-embarques wp-block-embed-prise-en-charge-des-contenus-embarques wp-embed-aspect-4-3 wp-has-aspect-ratio\"><div class=\"wp-block-embed__wrapper\">\n<iframe loading=\"lazy\" title=\"Jake Shimabukuro &quot;Orange World&quot;\" width=\"880\" height=\"660\" src=\"https:\/\/www.youtube.com\/embed\/bT_Jr3vasOo?feature=oembed\" frameborder=\"0\" allow=\"accelerometer; autoplay; clipboard-write; encrypted-media; gyroscope; picture-in-picture\" allowfullscreen><\/iframe>\n<\/div><\/figure>\n\n\n\n<h2 class=\"wp-block-heading\">Le shamisen<\/h2>\n\n\n\n<p class=\"wp-block-paragraph\">Il nous vient du Japon, il se joue avec un plectre et accompagne souvent le th\u00e9\u00e2tre de marionnettes, aussi appel\u00e9 th\u00e9\u00e2tre N\u00d4. Sa caisse de r\u00e9sonance est en peau de serpent.<\/p>\n\n\n\n<figure class=\"wp-block-embed is-type-video is-provider-youtube wp-block-embed-youtube wp-embed-aspect-16-9 wp-has-aspect-ratio\"><div class=\"wp-block-embed__wrapper\">\n<iframe loading=\"lazy\" title=\"Lute (shamisen)\" width=\"880\" height=\"495\" src=\"https:\/\/www.youtube.com\/embed\/s7VD9spSwQ0?feature=oembed\" frameborder=\"0\" allow=\"accelerometer; autoplay; clipboard-write; encrypted-media; gyroscope; picture-in-picture\" allowfullscreen><\/iframe>\n<\/div><\/figure>\n\n\n\n<h2 class=\"wp-block-heading\">Le sitar<\/h2>\n\n\n\n<p class=\"wp-block-paragraph\">Un des instruments les plus vieux au monde. Il nous vient de l&rsquo;Inde. Un de ses grands repr\u00e9sentants en est Ravi Shankar.<\/p>\n\n\n\n<figure class=\"wp-block-embed is-type-video is-provider-youtube wp-block-embed-youtube wp-embed-aspect-16-9 wp-has-aspect-ratio\"><div class=\"wp-block-embed__wrapper\">\n<iframe loading=\"lazy\" title=\"Ravi &amp; Anoushka Shankar\" width=\"880\" height=\"495\" src=\"https:\/\/www.youtube.com\/embed\/lIQrUZLyATo?feature=oembed\" frameborder=\"0\" allow=\"accelerometer; autoplay; clipboard-write; encrypted-media; gyroscope; picture-in-picture\" allowfullscreen><\/iframe>\n<\/div><\/figure>\n","protected":false},"excerpt":{"rendered":"<p>La harpe classique La harpe est parmi les instruments les plus anciens qui soient. Cependant, dans sa forme classique elle<\/p>\n<p><a href=\"https:\/\/edumusique.ch\/?page_id=312\" class=\"more-link\">Continue reading<span class=\"screen-reader-text\">Les cordes pinc\u00e9es<\/span><\/a><\/p>\n","protected":false},"author":1,"featured_media":0,"parent":0,"menu_order":0,"comment_status":"closed","ping_status":"closed","template":"","meta":{"footnotes":""},"class_list":["post-312","page","type-page","status-publish","hentry"],"_links":{"self":[{"href":"https:\/\/edumusique.ch\/index.php?rest_route=\/wp\/v2\/pages\/312","targetHints":{"allow":["GET"]}}],"collection":[{"href":"https:\/\/edumusique.ch\/index.php?rest_route=\/wp\/v2\/pages"}],"about":[{"href":"https:\/\/edumusique.ch\/index.php?rest_route=\/wp\/v2\/types\/page"}],"author":[{"embeddable":true,"href":"https:\/\/edumusique.ch\/index.php?rest_route=\/wp\/v2\/users\/1"}],"replies":[{"embeddable":true,"href":"https:\/\/edumusique.ch\/index.php?rest_route=%2Fwp%2Fv2%2Fcomments&post=312"}],"version-history":[{"count":6,"href":"https:\/\/edumusique.ch\/index.php?rest_route=\/wp\/v2\/pages\/312\/revisions"}],"predecessor-version":[{"id":1716,"href":"https:\/\/edumusique.ch\/index.php?rest_route=\/wp\/v2\/pages\/312\/revisions\/1716"}],"wp:attachment":[{"href":"https:\/\/edumusique.ch\/index.php?rest_route=%2Fwp%2Fv2%2Fmedia&parent=312"}],"curies":[{"name":"wp","href":"https:\/\/api.w.org\/{rel}","templated":true}]}}