{"id":275,"date":"2021-09-23T05:36:14","date_gmt":"2021-09-23T05:36:14","guid":{"rendered":"https:\/\/edumusique.ch\/wp\/?page_id=275"},"modified":"2024-11-10T18:59:23","modified_gmt":"2024-11-10T18:59:23","slug":"les-cuivres","status":"publish","type":"page","link":"https:\/\/edumusique.ch\/?page_id=275","title":{"rendered":"Les cuivres"},"content":{"rendered":"\n<h2 class=\"has-text-align-center wp-block-heading\">1. Les instruments naturels<\/h2>\n\n\n\n<div class=\"wp-block-image\"><figure class=\"aligncenter size-full\"><img loading=\"lazy\" decoding=\"async\" width=\"423\" height=\"195\" src=\"https:\/\/edumusique.ch\/wp-content\/uploads\/2021\/09\/unnamed.jpg\" alt=\"\" class=\"wp-image-1518\" srcset=\"https:\/\/edumusique.ch\/wp-content\/uploads\/2021\/09\/unnamed.jpg 423w, https:\/\/edumusique.ch\/wp-content\/uploads\/2021\/09\/unnamed-300x138.jpg 300w\" sizes=\"auto, (max-width: 423px) 100vw, 423px\" \/><figcaption><br>Sans piston, ni cl\u00e9s, les instruments naturels sont limit\u00e9s aux m\u00e9lodies comportant les notes ci-contre<\/figcaption><\/figure><\/div>\n\n\n\n<h3 class=\"wp-block-heading\">Le clairon<\/h3>\n\n\n\n<p class=\"wp-block-paragraph\">Le clairon est un des cuivres les plus simples puisqu&rsquo;il ne poss\u00e8de ni piston ni coulisse et fait donc partie des instruments \u00e0 son naturel. On le confond parfois avec la trompette de cavalerie qui \u00e0 un son plus \u00e9clatant.<\/p>\n\n\n\n<p class=\"wp-block-paragraph\">A l&rsquo;origine , le clairon est utilis\u00e9 pour transmettre des ordres: A chaque m\u00e9lodie correspond un ordre particulier (\u00ab\u00a0Appel\u00a0\u00bb, \u00ab\u00a0Rassemblement\u00a0\u00bb, \u00ab\u00a0A la soupe\u00a0\u00bb, \u00ab\u00a0Aux caporaux\u00a0\u00bb, \u00ab\u00a0Commencez le feu\u00a0\u00bb&#8230;).<\/p>\n\n\n\n<p class=\"wp-block-paragraph\"><\/p>\n\n\n\n<figure class=\"wp-block-embed is-type-rich is-provider-prise-en-charge-des-contenus-embarques wp-block-embed-prise-en-charge-des-contenus-embarques wp-embed-aspect-16-9 wp-has-aspect-ratio\"><div class=\"wp-block-embed__wrapper\">\n<iframe loading=\"lazy\" title=\"Musique Militaire - Sonnerie du r\u00e9veil Fran\u00e7aise\" width=\"880\" height=\"495\" src=\"https:\/\/www.youtube.com\/embed\/kE1aUqP_ih0?feature=oembed\" frameborder=\"0\" allow=\"accelerometer; autoplay; clipboard-write; encrypted-media; gyroscope; picture-in-picture; web-share\" allowfullscreen><\/iframe>\n<\/div><\/figure>\n\n\n\n<h3 class=\"wp-block-heading\">Le cor de chasse<\/h3>\n\n\n\n<p class=\"wp-block-paragraph\">Le cor naturel est l&rsquo;anc\u00eatre du cor d&rsquo;harmonie. Il \u00e9tait tr\u00e8s usit\u00e9 dans la musique jusqu&rsquo;\u00e0 la fin du 19e si\u00e8cle. Le cor naturel produit des sons en nombre limit\u00e9, et ne peut effectuer des gammes chromatiques, comme le cor en fa qui l&rsquo;a de nos jours remplac\u00e9.<\/p>\n\n\n\n<figure class=\"wp-block-embed is-type-rich is-provider-prise-en-charge-des-contenus-embarques wp-block-embed-prise-en-charge-des-contenus-embarques wp-embed-aspect-4-3 wp-has-aspect-ratio\"><div class=\"wp-block-embed__wrapper\">\n<iframe loading=\"lazy\" title=\"Les echos de la jeunesse Concert GIEN Samedi 21 Avril 2012\" width=\"880\" height=\"660\" src=\"https:\/\/www.youtube.com\/embed\/P0bqmREDY_A?feature=oembed\" frameborder=\"0\" allow=\"accelerometer; autoplay; clipboard-write; encrypted-media; gyroscope; picture-in-picture; web-share\" allowfullscreen><\/iframe>\n<\/div><\/figure>\n\n\n\n<h3 class=\"wp-block-heading\">Le cor des alpes<\/h3>\n\n\n\n<p class=\"wp-block-paragraph\">Utilis\u00e9 initialement pour communiquer \u00e0 distance en montagne, on le trouve surtout en Suisse, mais aussi en Autriche, en Allemagne, en France, en Pologne, en Ukraine et en Roumanie ; son apparition remonte au 14e si\u00e8cle.<\/p>\n\n\n\n<p class=\"wp-block-paragraph\">C&rsquo;est un long cor en \u00e9pic\u00e9a qui mesure environ 360 cm et se scinde en deux ou trois parties pour \u00eatre transportable, mais certains peuvent mesurer jusqu&rsquo;\u00e0 18 m\u00e8tres.<\/p>\n\n\n\n<p class=\"wp-block-paragraph\">Il peut \u00eatre taill\u00e9 directement d&rsquo;une seule pi\u00e8ce dans un arbre dont la forme convient (arbre poussant couch\u00e9).<\/p>\n\n\n\n<p class=\"wp-block-paragraph\">Il peut \u00e9galement \u00eatre fabriqu\u00e9 par assemblage de deux pi\u00e8ces de bois coll\u00e9es l&rsquo;une contre l&rsquo;autre, apr\u00e8s avoir \u00e9t\u00e9 \u00e9vid\u00e9es. Le pavillon est g\u00e9n\u00e9ralement oeuvr\u00e9 dans une pi\u00e8ce \u00e0 part. L&rsquo;ensemble est ensuite recouvert de cerclages d&rsquo;osier ou de rotin \u00e0 des fins esth\u00e9tiques et protectrices.<\/p>\n\n\n\n<p class=\"wp-block-paragraph\">On peut aussi trouver des cors des Alpes fabriqu\u00e9s en fibre de carbone. Il est plus l\u00e9ger (1,3 kilogramme), plus facilement transportable car t\u00e9lescopique, (75 cm une fois repli\u00e9), et transformable en diff\u00e9rents instruments, comme le didjeridoo, le b\u00fcchel&#8230;<\/p>\n\n\n\n<figure class=\"wp-block-embed is-type-video is-provider-youtube wp-block-embed-youtube wp-embed-aspect-4-3 wp-has-aspect-ratio\"><div class=\"wp-block-embed__wrapper\">\n<iframe loading=\"lazy\" title=\"Cor des Alpes, festival Nendaz 2010, Jean-Claude Welche\" width=\"880\" height=\"660\" src=\"https:\/\/www.youtube.com\/embed\/IHBBVIPYFqw?feature=oembed\" frameborder=\"0\" allow=\"accelerometer; autoplay; clipboard-write; encrypted-media; gyroscope; picture-in-picture; web-share\" allowfullscreen><\/iframe>\n<\/div><\/figure>\n\n\n\n<figure class=\"wp-block-embed is-type-video is-provider-youtube wp-block-embed-youtube wp-embed-aspect-4-3 wp-has-aspect-ratio\"><div class=\"wp-block-embed__wrapper\">\n<iframe loading=\"lazy\" title=\"La boite \u00e0 musique de JF Zygel, l&#039;instrument rare, le cor des alpes par Alexandre Jous\" width=\"880\" height=\"495\" src=\"https:\/\/www.youtube.com\/embed\/eeCvozeuw5A?feature=oembed\" frameborder=\"0\" allow=\"accelerometer; autoplay; clipboard-write; encrypted-media; gyroscope; picture-in-picture; web-share\" allowfullscreen><\/iframe>\n<\/div><\/figure>\n\n\n\n<h3 class=\"wp-block-heading\">Le didjeridoo<\/h3>\n\n\n\n<p class=\"wp-block-paragraph\">\u00c0 l&rsquo;origine, cet instrument est jou\u00e9 par les Aborig\u00e8nes du Nord de l&rsquo;Australie, son usage semble tr\u00e8s ancien et pourrait remonter \u00e0 l&rsquo;\u00e2ge de la pierre (20 000 ans), d&rsquo;apr\u00e8s une peinture rupestre repr\u00e9sentant un joueur de didgeridoo, analys\u00e9e au carbone 14. C&rsquo;est une trompe en bois, lointaine cousine du cor des Alpes ou du tongqin tib\u00e9tain.<\/p>\n\n\n\n<p class=\"wp-block-paragraph\">Didgeridoo, didjeridoo, didjeridu ou didjeridou, est un mot d&rsquo;origine onomatop\u00e9ique invent\u00e9 par les colons occidentaux \u00e0 partir du son de cet instrument. Les Aborig\u00e8nes le nomment diff\u00e9remment en fonction de leur ethnie. Parmi la cinquantaine de noms, les plus courants sont : yidaki, mooloo, djubini, ganbag, gamalag, mago, maluk, yirago, yiraki, etc.<\/p>\n\n\n\n<figure class=\"wp-block-embed is-type-video is-provider-youtube wp-block-embed-youtube wp-embed-aspect-4-3 wp-has-aspect-ratio\"><div class=\"wp-block-embed__wrapper\">\n<iframe loading=\"lazy\" title=\"Didgeridoo - Jeremy Donovan, Aboriginal Artist\" width=\"880\" height=\"660\" src=\"https:\/\/www.youtube.com\/embed\/9g592I-p-dc?feature=oembed\" frameborder=\"0\" allow=\"accelerometer; autoplay; clipboard-write; encrypted-media; gyroscope; picture-in-picture; web-share\" allowfullscreen><\/iframe>\n<\/div><\/figure>\n\n\n\n<h1 class=\"has-text-align-center wp-block-heading\">2. Les cuivres de l&rsquo;orchestre<\/h1>\n\n\n\n<h3 class=\"wp-block-heading\">La trompette<\/h3>\n\n\n\n<figure class=\"wp-block-image size-full\"><img loading=\"lazy\" decoding=\"async\" width=\"950\" height=\"400\" src=\"https:\/\/edumusique.ch\/wp-content\/uploads\/2021\/09\/Trompette_piston.jpg\" alt=\"\" class=\"wp-image-1396\" srcset=\"https:\/\/edumusique.ch\/wp-content\/uploads\/2021\/09\/Trompette_piston.jpg 950w, https:\/\/edumusique.ch\/wp-content\/uploads\/2021\/09\/Trompette_piston-300x126.jpg 300w, https:\/\/edumusique.ch\/wp-content\/uploads\/2021\/09\/Trompette_piston-768x323.jpg 768w\" sizes=\"auto, (max-width: 950px) 100vw, 950px\" \/><\/figure>\n\n\n\n<figure class=\"wp-block-image size-full\"><img loading=\"lazy\" decoding=\"async\" width=\"800\" height=\"600\" src=\"https:\/\/edumusique.ch\/wp-content\/uploads\/2021\/09\/trompette_legende_grande.jpg\" alt=\"\" class=\"wp-image-1395\" srcset=\"https:\/\/edumusique.ch\/wp-content\/uploads\/2021\/09\/trompette_legende_grande.jpg 800w, https:\/\/edumusique.ch\/wp-content\/uploads\/2021\/09\/trompette_legende_grande-300x225.jpg 300w, https:\/\/edumusique.ch\/wp-content\/uploads\/2021\/09\/trompette_legende_grande-768x576.jpg 768w, https:\/\/edumusique.ch\/wp-content\/uploads\/2021\/09\/trompette_legende_grande-440x330.jpg 440w\" sizes=\"auto, (max-width: 800px) 100vw, 800px\" \/><\/figure>\n\n\n\n<figure class=\"wp-block-embed is-type-rich is-provider-prise-en-charge-des-contenus-embarques wp-block-embed-prise-en-charge-des-contenus-embarques wp-embed-aspect-4-3 wp-has-aspect-ratio\"><div class=\"wp-block-embed__wrapper\">\n<iframe loading=\"lazy\" title=\"J. N. Hummel 2\/2 Trumpet concerto in E-flat major (David Guerrier, Nantes, 2005)\" width=\"880\" height=\"660\" src=\"https:\/\/www.youtube.com\/embed\/myGtPMdnNME?feature=oembed\" frameborder=\"0\" allow=\"accelerometer; autoplay; clipboard-write; encrypted-media; gyroscope; picture-in-picture; web-share\" allowfullscreen><\/iframe>\n<\/div><\/figure>\n\n\n\n<figure class=\"wp-block-embed is-type-rich is-provider-prise-en-charge-des-contenus-embarques wp-block-embed-prise-en-charge-des-contenus-embarques wp-embed-aspect-4-3 wp-has-aspect-ratio\"><div class=\"wp-block-embed__wrapper\">\n<iframe loading=\"lazy\" title=\"Louis Armstrong - Hello Dolly Live\" width=\"880\" height=\"660\" src=\"https:\/\/www.youtube.com\/embed\/kmfeKUNDDYs?feature=oembed\" frameborder=\"0\" allow=\"accelerometer; autoplay; clipboard-write; encrypted-media; gyroscope; picture-in-picture; web-share\" allowfullscreen><\/iframe>\n<\/div><\/figure>\n\n\n\n<h3 class=\"wp-block-heading\">Le cor d&rsquo;harmonie<\/h3>\n\n\n\n<p class=\"wp-block-paragraph\">Le cor d&rsquo;harmonie est caract\u00e9ris\u00e9 par son embouchure et sa perce conique qui lui conf\u00e8re un son doux et riche en harmoniques.<\/p>\n\n\n\n<p class=\"wp-block-paragraph\">Le musicien qui joue du cor est un corniste (\u00e0 ne pas confondre avec le cornettiste qui joue du cornet \u00e0 piston).<\/p>\n\n\n\n<p class=\"wp-block-paragraph\">Le cor est un instrument qui a beaucoup \u00e9volu\u00e9 au cours des si\u00e8cles. Les d\u00e9nominations de cor de chasse, cor \u00e0 pistons, cor d&rsquo;harmonie, cor naturel, cor simple (parfois improprement utilis\u00e9es) d\u00e9signent un m\u00eame instrument, le cor, \u00e0 divers degr\u00e9s d&rsquo;\u00e9laboration, \u00e0 divers lieux et \u00e9poques, o\u00f9 son emploi pouvait diff\u00e9rer de celui que nous connaissons aujourd&rsquo;hui.<\/p>\n\n\n\n<p class=\"wp-block-paragraph\">Le cor moderne ou cor d&rsquo;harmonie est pr\u00e9sent dans les orchestres symphoniques, de nombreux ensembles de musique de chambre et dans les orchestres d&rsquo;harmonie ; il est par ailleurs souvent sollicit\u00e9 dans les musiques de films de toutes sortes, pour les dessins anim\u00e9s et les bruitages. Il est utilis\u00e9 plus rarement dans le jazz.<\/p>\n\n\n\n<figure class=\"wp-block-embed is-type-rich is-provider-prise-en-charge-des-contenus-embarques wp-block-embed-prise-en-charge-des-contenus-embarques wp-embed-aspect-4-3 wp-has-aspect-ratio\"><div class=\"wp-block-embed__wrapper\">\n<iframe loading=\"lazy\" title=\"Vienna Horns   Back to the Future\" width=\"880\" height=\"660\" src=\"https:\/\/www.youtube.com\/embed\/jnFl1q0IYTA?feature=oembed\" frameborder=\"0\" allow=\"accelerometer; autoplay; clipboard-write; encrypted-media; gyroscope; picture-in-picture; web-share\" allowfullscreen><\/iframe>\n<\/div><\/figure>\n\n\n\n<h3 class=\"wp-block-heading\">Le trombone \u00e0 coulisse<\/h3>\n\n\n\n<p class=\"wp-block-paragraph\">Le terme d\u00e9signe implicitement le trombone \u00e0 coulisse caract\u00e9ris\u00e9 par l&rsquo;utilisation d&rsquo;une coulisse t\u00e9lescopique, mais il existe \u00e9galement des mod\u00e8les de trombone \u00e0 pistons.<\/p>\n\n\n\n<p class=\"wp-block-paragraph\">Que le trombone soit t\u00e9nor ou basse, son registre est plus grave que celui d&rsquo;une trompette. Sa forme allong\u00e9e courb\u00e9e comme un s et surtout sa section de tube cylindrique, qui lui donne un son plus brillant, le distinguent des euphoniums ou des saxhorns au registre comparable, au son plus feutr\u00e9.<\/p>\n\n\n\n<p class=\"wp-block-paragraph\">Il est utilis\u00e9 dans de nombreux genres musicaux, de la musique classique au jazz, en passant par la salsa, le ska, le funk ou la musique militaire, et est jou\u00e9 dans les orchestres symphoniques, orchestres d&rsquo;harmonie, les fanfares, les big bands, les brass bands, etc.<\/p>\n\n\n\n<p class=\"wp-block-paragraph\">Un joueur de trombone est appel\u00e9 tromboniste ou trombone.<\/p>\n\n\n\n<figure class=\"wp-block-embed is-type-rich is-provider-prise-en-charge-des-contenus-embarques wp-block-embed-prise-en-charge-des-contenus-embarques wp-embed-aspect-4-3 wp-has-aspect-ratio\"><div class=\"wp-block-embed__wrapper\">\n<iframe loading=\"lazy\" title=\"Slokar Quartet\" width=\"880\" height=\"660\" src=\"https:\/\/www.youtube.com\/embed\/7p6N5yffBW0?feature=oembed\" frameborder=\"0\" allow=\"accelerometer; autoplay; clipboard-write; encrypted-media; gyroscope; picture-in-picture; web-share\" allowfullscreen><\/iframe>\n<\/div><\/figure>\n\n\n\n<figure class=\"wp-block-embed is-type-rich is-provider-prise-en-charge-des-contenus-embarques wp-block-embed-prise-en-charge-des-contenus-embarques wp-embed-aspect-4-3 wp-has-aspect-ratio\"><div class=\"wp-block-embed__wrapper\">\n<iframe loading=\"lazy\" title=\"Trombone Solo Transcription Glenn Miller MY BLUE HEAVEN\" width=\"880\" height=\"660\" src=\"https:\/\/www.youtube.com\/embed\/RySOs5S5I0g?feature=oembed\" frameborder=\"0\" allow=\"accelerometer; autoplay; clipboard-write; encrypted-media; gyroscope; picture-in-picture; web-share\" allowfullscreen><\/iframe>\n<\/div><\/figure>\n\n\n\n<figure class=\"wp-block-image size-full\"><img loading=\"lazy\" decoding=\"async\" width=\"862\" height=\"255\" src=\"https:\/\/edumusique.ch\/wp-content\/uploads\/2021\/09\/trombone-coulisse.png\" alt=\"\" class=\"wp-image-1532\" srcset=\"https:\/\/edumusique.ch\/wp-content\/uploads\/2021\/09\/trombone-coulisse.png 862w, https:\/\/edumusique.ch\/wp-content\/uploads\/2021\/09\/trombone-coulisse-300x89.png 300w, https:\/\/edumusique.ch\/wp-content\/uploads\/2021\/09\/trombone-coulisse-768x227.png 768w\" sizes=\"auto, (max-width: 862px) 100vw, 862px\" \/><\/figure>\n\n\n\n<h3 class=\"wp-block-heading\">Le tuba<\/h3>\n\n\n\n<figure class=\"wp-block-embed is-type-rich is-provider-prise-en-charge-des-contenus-embarques wp-block-embed-prise-en-charge-des-contenus-embarques wp-embed-aspect-16-9 wp-has-aspect-ratio\"><div class=\"wp-block-embed__wrapper\">\n<iframe loading=\"lazy\" title=\"Les Tubadours, Tuba Quartet - Old Legend\" width=\"880\" height=\"495\" src=\"https:\/\/www.youtube.com\/embed\/zPQdXN7wZcM?feature=oembed\" frameborder=\"0\" allow=\"accelerometer; autoplay; clipboard-write; encrypted-media; gyroscope; picture-in-picture; web-share\" allowfullscreen><\/iframe>\n<\/div><\/figure>\n\n\n\n<figure class=\"wp-block-embed is-type-rich is-provider-prise-en-charge-des-contenus-embarques wp-block-embed-prise-en-charge-des-contenus-embarques wp-embed-aspect-16-9 wp-has-aspect-ratio\"><div class=\"wp-block-embed__wrapper\">\n<iframe loading=\"lazy\" title=\"Les Tubadours, Tuba Quartet - Il Cappello di Paglia di Firenze\" width=\"880\" height=\"495\" src=\"https:\/\/www.youtube.com\/embed\/5xY-L1zPA18?feature=oembed\" frameborder=\"0\" allow=\"accelerometer; autoplay; clipboard-write; encrypted-media; gyroscope; picture-in-picture; web-share\" allowfullscreen><\/iframe>\n<\/div><\/figure>\n\n\n\n<h1 class=\"has-text-align-center wp-block-heading\"><a href=\"https:\/\/edumusique.ch\/?page_id=1539\">Le brass band et les cuivres qui le composent<\/a><\/h1>\n\n\n\n<h2 class=\"has-text-align-center wp-block-heading\">En r\u00e9sum\u00e9 !<\/h2>\n\n\n\n<div class=\"wp-block-image\"><figure class=\"aligncenter size-large\"><img loading=\"lazy\" decoding=\"async\" width=\"706\" height=\"1024\" src=\"https:\/\/edumusique.ch\/wp-content\/uploads\/2021\/11\/les-cuivres-corrige\u0301-706x1024.png\" alt=\"\" class=\"wp-image-1958\" srcset=\"https:\/\/edumusique.ch\/wp-content\/uploads\/2021\/11\/les-cuivres-corrige\u0301-706x1024.png 706w, https:\/\/edumusique.ch\/wp-content\/uploads\/2021\/11\/les-cuivres-corrige\u0301-207x300.png 207w, https:\/\/edumusique.ch\/wp-content\/uploads\/2021\/11\/les-cuivres-corrige\u0301.png 718w\" sizes=\"auto, (max-width: 706px) 100vw, 706px\" \/><\/figure><\/div>\n","protected":false},"excerpt":{"rendered":"<p>1. Les instruments naturels Le clairon Le clairon est un des cuivres les plus simples puisqu&rsquo;il ne poss\u00e8de ni piston<\/p>\n<p><a href=\"https:\/\/edumusique.ch\/?page_id=275\" class=\"more-link\">Continue reading<span class=\"screen-reader-text\">Les cuivres<\/span><\/a><\/p>\n","protected":false},"author":1,"featured_media":0,"parent":0,"menu_order":0,"comment_status":"closed","ping_status":"closed","template":"","meta":{"footnotes":""},"class_list":["post-275","page","type-page","status-publish","hentry"],"_links":{"self":[{"href":"https:\/\/edumusique.ch\/index.php?rest_route=\/wp\/v2\/pages\/275","targetHints":{"allow":["GET"]}}],"collection":[{"href":"https:\/\/edumusique.ch\/index.php?rest_route=\/wp\/v2\/pages"}],"about":[{"href":"https:\/\/edumusique.ch\/index.php?rest_route=\/wp\/v2\/types\/page"}],"author":[{"embeddable":true,"href":"https:\/\/edumusique.ch\/index.php?rest_route=\/wp\/v2\/users\/1"}],"replies":[{"embeddable":true,"href":"https:\/\/edumusique.ch\/index.php?rest_route=%2Fwp%2Fv2%2Fcomments&post=275"}],"version-history":[{"count":15,"href":"https:\/\/edumusique.ch\/index.php?rest_route=\/wp\/v2\/pages\/275\/revisions"}],"predecessor-version":[{"id":1972,"href":"https:\/\/edumusique.ch\/index.php?rest_route=\/wp\/v2\/pages\/275\/revisions\/1972"}],"wp:attachment":[{"href":"https:\/\/edumusique.ch\/index.php?rest_route=%2Fwp%2Fv2%2Fmedia&parent=275"}],"curies":[{"name":"wp","href":"https:\/\/api.w.org\/{rel}","templated":true}]}}