{"id":273,"date":"2021-09-23T05:36:02","date_gmt":"2021-09-23T05:36:02","guid":{"rendered":"https:\/\/edumusique.ch\/wp\/?page_id=273"},"modified":"2024-11-10T18:59:12","modified_gmt":"2024-11-10T18:59:12","slug":"les-bois","status":"publish","type":"page","link":"https:\/\/edumusique.ch\/?page_id=273","title":{"rendered":"Les bois"},"content":{"rendered":"\n<h1 class=\"wp-block-heading\">1. Les instruments dont le son est produit par un biseau<\/h1>\n\n\n\n<div class=\"wp-block-image\"><figure class=\"aligncenter size-full\"><img loading=\"lazy\" decoding=\"async\" width=\"640\" height=\"278\" src=\"https:\/\/edumusique.ch\/wp-content\/uploads\/2021\/09\/Techniques_20fl_C3_BBtes.jpg\" alt=\"\" class=\"wp-image-1383\" srcset=\"https:\/\/edumusique.ch\/wp-content\/uploads\/2021\/09\/Techniques_20fl_C3_BBtes.jpg 640w, https:\/\/edumusique.ch\/wp-content\/uploads\/2021\/09\/Techniques_20fl_C3_BBtes-300x130.jpg 300w\" sizes=\"auto, (max-width: 640px) 100vw, 640px\" \/><figcaption>A) Fl\u00fbte traversi\u00e8re &#8211; B) Fl\u00fbte \u00e0 bec &#8211; C) Fl\u00fbte de pan<\/figcaption><\/figure><\/div>\n\n\n\n<figure class=\"wp-block-image size-large\"><img loading=\"lazy\" decoding=\"async\" width=\"1024\" height=\"322\" src=\"https:\/\/edumusique.ch\/wp-content\/uploads\/2021\/09\/biseau-1024x322.png\" alt=\"\" class=\"wp-image-1492\" srcset=\"https:\/\/edumusique.ch\/wp-content\/uploads\/2021\/09\/biseau-1024x322.png 1024w, https:\/\/edumusique.ch\/wp-content\/uploads\/2021\/09\/biseau-300x94.png 300w, https:\/\/edumusique.ch\/wp-content\/uploads\/2021\/09\/biseau-768x241.png 768w, https:\/\/edumusique.ch\/wp-content\/uploads\/2021\/09\/biseau-1536x483.png 1536w, https:\/\/edumusique.ch\/wp-content\/uploads\/2021\/09\/biseau.png 1584w\" sizes=\"auto, (max-width: 1024px) 100vw, 1024px\" \/><figcaption>L&rsquo;air \u00ab\u00a0se s\u00e9pare\u00a0\u00bb au contact du biseau<\/figcaption><\/figure>\n\n\n\n<h3 class=\"wp-block-heading\">Les fl\u00fbtes \u00e0 bec<\/h3>\n\n\n\n<figure class=\"wp-block-embed is-type-video is-provider-youtube wp-block-embed-youtube wp-embed-aspect-16-9 wp-has-aspect-ratio\"><div class=\"wp-block-embed__wrapper\">\n<iframe loading=\"lazy\" title=\"Antonio Vivaldi: Concerto pour fl\u00fbte \u00e0 bec RV 443\" width=\"880\" height=\"495\" src=\"https:\/\/www.youtube.com\/embed\/z3iTg966VKU?feature=oembed\" frameborder=\"0\" allow=\"accelerometer; autoplay; clipboard-write; encrypted-media; gyroscope; picture-in-picture; web-share\" allowfullscreen><\/iframe>\n<\/div><\/figure>\n\n\n\n<div class=\"wp-block-image\"><figure class=\"aligncenter size-full\"><img loading=\"lazy\" decoding=\"async\" width=\"575\" height=\"449\" src=\"https:\/\/edumusique.ch\/wp-content\/uploads\/2021\/09\/Flutes_a_bec_serie_300-d6f75.jpg\" alt=\"\" class=\"wp-image-1231\" srcset=\"https:\/\/edumusique.ch\/wp-content\/uploads\/2021\/09\/Flutes_a_bec_serie_300-d6f75.jpg 575w, https:\/\/edumusique.ch\/wp-content\/uploads\/2021\/09\/Flutes_a_bec_serie_300-d6f75-300x234.jpg 300w\" sizes=\"auto, (max-width: 575px) 100vw, 575px\" \/><\/figure><\/div>\n\n\n\n<div class=\"wp-block-image\"><figure class=\"aligncenter size-full\"><img loading=\"lazy\" decoding=\"async\" width=\"640\" height=\"426\" src=\"https:\/\/edumusique.ch\/wp-content\/uploads\/2021\/09\/flutes_20_C3_A0_20bec.jpg\" alt=\"\" class=\"wp-image-1230\" srcset=\"https:\/\/edumusique.ch\/wp-content\/uploads\/2021\/09\/flutes_20_C3_A0_20bec.jpg 640w, https:\/\/edumusique.ch\/wp-content\/uploads\/2021\/09\/flutes_20_C3_A0_20bec-300x200.jpg 300w\" sizes=\"auto, (max-width: 640px) 100vw, 640px\" \/><\/figure><\/div>\n\n\n\n<h3 class=\"wp-block-heading\">Les fl\u00fbtes traversi\u00e8res<\/h3>\n\n\n\n<div class=\"wp-block-image\"><figure class=\"aligncenter size-full\"><img loading=\"lazy\" decoding=\"async\" width=\"533\" height=\"802\" src=\"https:\/\/edumusique.ch\/wp-content\/uploads\/2021\/09\/familleflute.jpg\" alt=\"\" class=\"wp-image-1226\" srcset=\"https:\/\/edumusique.ch\/wp-content\/uploads\/2021\/09\/familleflute.jpg 533w, https:\/\/edumusique.ch\/wp-content\/uploads\/2021\/09\/familleflute-199x300.jpg 199w\" sizes=\"auto, (max-width: 533px) 100vw, 533px\" \/><figcaption>1) Piccolo &#8211; 2) La grande fl\u00fbte en Ut (do), la plus courante &#8211; 3) La fl\u00fbte alto en sol &#8211; 4) La fl\u00fbte basse en do<\/figcaption><\/figure><\/div>\n\n\n\n<figure class=\"wp-block-embed is-type-rich is-provider-prise-en-charge-des-contenus-embarques wp-block-embed-prise-en-charge-des-contenus-embarques wp-embed-aspect-16-9 wp-has-aspect-ratio\"><div class=\"wp-block-embed__wrapper\">\n<iframe loading=\"lazy\" title=\"[Figures de Notes] La fl\u00fbte, mode d\u2019emploi\" width=\"880\" height=\"495\" src=\"https:\/\/www.youtube.com\/embed\/0_HZMbnXNa8?feature=oembed\" frameborder=\"0\" allow=\"accelerometer; autoplay; clipboard-write; encrypted-media; gyroscope; picture-in-picture; web-share\" allowfullscreen><\/iframe>\n<\/div><\/figure>\n\n\n\n<figure class=\"wp-block-embed is-type-rich is-provider-prise-en-charge-des-contenus-embarques wp-block-embed-prise-en-charge-des-contenus-embarques wp-embed-aspect-4-3 wp-has-aspect-ratio\"><div class=\"wp-block-embed__wrapper\">\n<iframe loading=\"lazy\" title=\"beat box et flute traversiere\" width=\"880\" height=\"660\" src=\"https:\/\/www.youtube.com\/embed\/hq1tOMOB6AQ?feature=oembed\" frameborder=\"0\" allow=\"accelerometer; autoplay; clipboard-write; encrypted-media; gyroscope; picture-in-picture; web-share\" allowfullscreen><\/iframe>\n<\/div><\/figure>\n\n\n\n<h3 class=\"wp-block-heading\">Le piccolo<\/h3>\n\n\n\n<figure class=\"wp-block-embed is-type-video is-provider-youtube wp-block-embed-youtube wp-embed-aspect-16-9 wp-has-aspect-ratio\"><div class=\"wp-block-embed__wrapper\">\n<iframe loading=\"lazy\" title=\"[Figures de Notes] Le piccolo, mode d\u2019emploi\" width=\"880\" height=\"495\" src=\"https:\/\/www.youtube.com\/embed\/V7FVmq_YWuA?feature=oembed\" frameborder=\"0\" allow=\"accelerometer; autoplay; clipboard-write; encrypted-media; gyroscope; picture-in-picture; web-share\" allowfullscreen><\/iframe>\n<\/div><figcaption>Le piccolo<\/figcaption><\/figure>\n\n\n\n<h3 class=\"wp-block-heading\">Les fl\u00fbtes traversi\u00e8res basse &amp; contrebasse<\/h3>\n\n\n\n<figure class=\"wp-block-embed is-type-rich is-provider-prise-en-charge-des-contenus-embarques wp-block-embed-prise-en-charge-des-contenus-embarques wp-embed-aspect-4-3 wp-has-aspect-ratio\"><div class=\"wp-block-embed__wrapper\">\n<iframe loading=\"lazy\" title=\"Just Flutes JFB121 Bass Flute Demo\" width=\"880\" height=\"660\" src=\"https:\/\/www.youtube.com\/embed\/r1fffxjO2o8?feature=oembed\" frameborder=\"0\" allow=\"accelerometer; autoplay; clipboard-write; encrypted-media; gyroscope; picture-in-picture; web-share\" allowfullscreen><\/iframe>\n<\/div><\/figure>\n\n\n\n<figure class=\"wp-block-embed is-type-rich is-provider-prise-en-charge-des-contenus-embarques wp-block-embed-prise-en-charge-des-contenus-embarques wp-embed-aspect-4-3 wp-has-aspect-ratio\"><div class=\"wp-block-embed__wrapper\">\n<iframe loading=\"lazy\" title=\"Subcontrabassflute by Stefan Keller\" width=\"880\" height=\"660\" src=\"https:\/\/www.youtube.com\/embed\/S9Nz0UGuQyc?feature=oembed\" frameborder=\"0\" allow=\"accelerometer; autoplay; clipboard-write; encrypted-media; gyroscope; picture-in-picture; web-share\" allowfullscreen><\/iframe>\n<\/div><\/figure>\n\n\n\n<h3 class=\"wp-block-heading\">La quena<\/h3>\n\n\n\n<p class=\"wp-block-paragraph\">La quena est une fl\u00fbte droite utilis\u00e9e dans les pays andins depuis plus de deux mille ans. La quena moderne est apparue au XVIe si\u00e8cle ; elle d\u00e9rive \u00e0 la fois de la quena pr\u00e9hispanique, qui avait 5 trous au maximum, et de la fl\u00fbte \u00e0 bec europ\u00e9enne. On la trouve aujourd&rsquo;hui au P\u00e9rou, en Bolivie, en Argentine, en \u00c9quateur, au Chili, en Colombie, au Venezuela et en Guyane.<\/p>\n\n\n\n<p class=\"wp-block-paragraph\">La quena est traditionnellement en roseau, en os, en pierre ou en terre cuite, aujourd&rsquo;hui, le bois, le m\u00e9tal et le plastique, plus robustes, sont parfois utilis\u00e9s.<\/p>\n\n\n\n<p class=\"wp-block-paragraph\">G\u00e9n\u00e9ralement, c&rsquo;est le roseau de la lisi\u00e8re de l&rsquo;Amazonie (et non celui du type \u00ab balsa \u00bb dans lesquels sont faites les embarcations du lac Titicaca, qui ne sont pas creux mais fibreux \u00e0 l&rsquo;int\u00e9rieur) qui est employ\u00e9. <em>source: wikipedia<\/em><\/p>\n\n\n\n<figure class=\"wp-block-embed is-type-video is-provider-youtube wp-block-embed-youtube wp-embed-aspect-4-3 wp-has-aspect-ratio\"><div class=\"wp-block-embed__wrapper\">\n<iframe loading=\"lazy\" title=\"Jose Luis SCHEIN Solo una quena en talentoargentino.telefe.com\" width=\"880\" height=\"660\" src=\"https:\/\/www.youtube.com\/embed\/bFUK9KA4zRQ?feature=oembed\" frameborder=\"0\" allow=\"accelerometer; autoplay; clipboard-write; encrypted-media; gyroscope; picture-in-picture; web-share\" allowfullscreen><\/iframe>\n<\/div><\/figure>\n\n\n\n<h3 class=\"wp-block-heading\">La fl\u00fbte de pan<\/h3>\n\n\n\n<figure class=\"wp-block-embed is-type-video is-provider-youtube wp-block-embed-youtube wp-embed-aspect-16-9 wp-has-aspect-ratio\"><div class=\"wp-block-embed__wrapper\">\n<iframe loading=\"lazy\" title=\"Michel Tirabosco et Tatiana Alquati &quot;W.A. Mozart Concerto per Arpa e flauto K299&quot;\" width=\"880\" height=\"495\" src=\"https:\/\/www.youtube.com\/embed\/IEF3q7nK9nI?start=738&#038;feature=oembed\" frameborder=\"0\" allow=\"accelerometer; autoplay; clipboard-write; encrypted-media; gyroscope; picture-in-picture; web-share\" allowfullscreen><\/iframe>\n<\/div><\/figure>\n\n\n\n<h1 class=\"wp-block-heading\">2. a) Les instruments dont le son est produit par une anche simple<\/h1>\n\n\n\n<div class=\"wp-block-image\"><figure class=\"aligncenter size-full\"><img loading=\"lazy\" decoding=\"async\" width=\"225\" height=\"116\" src=\"https:\/\/edumusique.ch\/wp-content\/uploads\/2021\/09\/anche_20simple_20sur_20bec0.jpg\" alt=\"\" class=\"wp-image-1162\"\/><figcaption>anche simple fix\u00e9e sur l&rsquo;instrument<\/figcaption><\/figure><\/div>\n\n\n\n<div class=\"wp-block-image\"><figure class=\"aligncenter size-full\"><img loading=\"lazy\" decoding=\"async\" width=\"200\" height=\"94\" src=\"https:\/\/edumusique.ch\/wp-content\/uploads\/2021\/09\/anche_20simple.gif\" alt=\"\" class=\"wp-image-1072\"\/><figcaption>anche simple<\/figcaption><\/figure><\/div>\n\n\n\n<h3 class=\"wp-block-heading\">La clarinette<\/h3>\n\n\n\n<figure class=\"wp-block-embed is-type-rich is-provider-prise-en-charge-des-contenus-embarques wp-block-embed-prise-en-charge-des-contenus-embarques wp-embed-aspect-4-3 wp-has-aspect-ratio\"><div class=\"wp-block-embed__wrapper\">\n<iframe loading=\"lazy\" title=\"Solfeggietto\/Metamorphosis - Eddie Daniels\" width=\"880\" height=\"660\" src=\"https:\/\/www.youtube.com\/embed\/k7dafOEAoyU?feature=oembed\" frameborder=\"0\" allow=\"accelerometer; autoplay; clipboard-write; encrypted-media; gyroscope; picture-in-picture; web-share\" allowfullscreen><\/iframe>\n<\/div><\/figure>\n\n\n\n<figure class=\"wp-block-embed is-type-video is-provider-youtube wp-block-embed-youtube wp-embed-aspect-4-3 wp-has-aspect-ratio\"><div class=\"wp-block-embed__wrapper\">\n<iframe loading=\"lazy\" title=\"Carrot  clarinet\" width=\"880\" height=\"660\" src=\"https:\/\/www.youtube.com\/embed\/LWbj7FYEi3M?feature=oembed\" frameborder=\"0\" allow=\"accelerometer; autoplay; clipboard-write; encrypted-media; gyroscope; picture-in-picture; web-share\" allowfullscreen><\/iframe>\n<\/div><\/figure>\n\n\n\n<h3 class=\"wp-block-heading\">La clarinette basse<\/h3>\n\n\n\n<figure class=\"wp-block-embed is-type-rich is-provider-prise-en-charge-des-contenus-embarques wp-block-embed-prise-en-charge-des-contenus-embarques wp-embed-aspect-4-3 wp-has-aspect-ratio\"><div class=\"wp-block-embed__wrapper\">\n<iframe loading=\"lazy\" title=\"Sqwonk - bass clarinet duo - Toccata and Fugue\" width=\"880\" height=\"660\" src=\"https:\/\/www.youtube.com\/embed\/5Puui1jZ8Qg?feature=oembed\" frameborder=\"0\" allow=\"accelerometer; autoplay; clipboard-write; encrypted-media; gyroscope; picture-in-picture; web-share\" allowfullscreen><\/iframe>\n<\/div><\/figure>\n\n\n\n<h3 class=\"wp-block-heading\">Les saxophones<\/h3>\n\n\n\n<figure class=\"wp-block-embed is-type-rich is-provider-prise-en-charge-des-contenus-embarques wp-block-embed-prise-en-charge-des-contenus-embarques wp-embed-aspect-4-3 wp-has-aspect-ratio\"><div class=\"wp-block-embed__wrapper\">\nhttps:\/\/youtube.com\/watch?v=FQmoaGcAZKA\n<\/div><\/figure>\n\n\n\n<figure class=\"wp-block-embed is-type-rich is-provider-prise-en-charge-des-contenus-embarques wp-block-embed-prise-en-charge-des-contenus-embarques wp-embed-aspect-4-3 wp-has-aspect-ratio\"><div class=\"wp-block-embed__wrapper\">\n<iframe loading=\"lazy\" title=\"Saxophonissimo\" width=\"880\" height=\"660\" src=\"https:\/\/www.youtube.com\/embed\/9Q1xNQOyFC4?feature=oembed\" frameborder=\"0\" allow=\"accelerometer; autoplay; clipboard-write; encrypted-media; gyroscope; picture-in-picture; web-share\" allowfullscreen><\/iframe>\n<\/div><figcaption>Au d\u00e9but de la vid\u00e9o: de gauche \u00e0 droite: Saxophone soprano &#8211;  saxophone alto &#8211; saxophone t\u00e9nor et saxophone baryton<\/figcaption><\/figure>\n\n\n\n<p class=\"wp-block-paragraph\">Bruxelles, 1840. Le fabricant d\u2019instruments Adolphe Sax met la touche finale \u00e0 sa derni\u00e8re invention. Celle-ci, il en est persuad\u00e9, sera r\u00e9volutionnaire !<\/p>\n\n\n\n<p class=\"wp-block-paragraph\">Esprit brillant et curieux, Adolphe Sax s\u2019int\u00e9resse \u00e0 tous les instruments. Mais il est frustr\u00e9 : les instruments \u00e0 cordes ? On ne les entend pas assez !<\/p>\n\n\n\n<p class=\"wp-block-paragraph\">Quant aux instruments en cuivre, tr\u00e8s puissants, il les juge m\u00e9lodieux seulement lorsque l\u2019on cr\u00e9e des harmonies entre plusieurs musiciens. Il manquerait donc quelque chose qui soit \u00e0 la fois puissant et harmonieux, m\u00eame jou\u00e9 seul\u2026<\/p>\n\n\n\n<p class=\"wp-block-paragraph\">Fort de cette id\u00e9e, Adolphe Sax invente un nouvel instrument en cuivre et le nomme d\u2019apr\u00e8s son patronyme : le Saxophon, appel\u00e9 plus tard saxophone !<\/p>\n\n\n\n<div class=\"wp-block-image\"><figure class=\"aligncenter size-medium\"><img loading=\"lazy\" decoding=\"async\" width=\"189\" height=\"300\" src=\"https:\/\/edumusique.ch\/wp-content\/uploads\/2021\/09\/Adolphe_Sax_5a-189x300.jpg\" alt=\"\" class=\"wp-image-1153\" srcset=\"https:\/\/edumusique.ch\/wp-content\/uploads\/2021\/09\/Adolphe_Sax_5a-189x300.jpg 189w, https:\/\/edumusique.ch\/wp-content\/uploads\/2021\/09\/Adolphe_Sax_5a-645x1024.jpg 645w, https:\/\/edumusique.ch\/wp-content\/uploads\/2021\/09\/Adolphe_Sax_5a.jpg 766w\" sizes=\"auto, (max-width: 189px) 100vw, 189px\" \/><figcaption>Adolphe Sax (1850)<\/figcaption><\/figure><\/div>\n\n\n\n<p class=\"wp-block-paragraph\">Tr\u00e8s vite, l\u2019invention est salu\u00e9e. D\u2019abord \u00e0 l\u2019Exposition d\u2019industrie belge, puis par le compositeur Hector Berlioz qui \u00e9crit \u00e0 son sujet : \u00ab\u00a0C\u2019est plein, moelleux, vibrant, d\u2019une force \u00e9norme, et susceptible d\u2019\u00eatre adouci.\u00a0\u00bb<\/p>\n\n\n\n<p class=\"wp-block-paragraph\">Cependant, alors que tout semble si bien parti, l\u2019instrument peine \u00e0 trouver sa place. L\u2019orchestre symphonique, auquel il \u00e9tait au d\u00e9part destin\u00e9, est d\u00e9j\u00e0 constitu\u00e9\u2026 On n\u2019en a pas besoin !<\/p>\n\n\n\n<p class=\"wp-block-paragraph\">Il s\u2019int\u00e8gre davantage dans les orchestres militaires, mais la guerre de 1870 d\u00e9cime les \u00e9l\u00e8ves de Sax sans avoir pu laisser \u00e0 l\u2019instrument le temps de se faire conna\u00eetre. Finalement, peu utilis\u00e9, le saxophone est mis de c\u00f4t\u00e9.<\/p>\n\n\n\n<p class=\"wp-block-paragraph\">Il faut attendre le d\u00e9but du si\u00e8cle suivant pour qu\u2019il sorte de l\u2019ombre. R\u00e8gne alors un nouveau style de musique, le jazz\u2026<\/p>\n\n\n\n<div class=\"wp-block-image\"><figure class=\"aligncenter size-medium\"><img loading=\"lazy\" decoding=\"async\" width=\"300\" height=\"225\" src=\"https:\/\/edumusique.ch\/wp-content\/uploads\/2021\/09\/Charlie_Parker_2C_Tommy_Potter_2C_Miles_Davis_2C_Duke_Jordan_2C_Max_Roach__28Gottlieb_06851_29-300x225.jpg\" alt=\"\" class=\"wp-image-1197\" srcset=\"https:\/\/edumusique.ch\/wp-content\/uploads\/2021\/09\/Charlie_Parker_2C_Tommy_Potter_2C_Miles_Davis_2C_Duke_Jordan_2C_Max_Roach__28Gottlieb_06851_29-300x225.jpg 300w, https:\/\/edumusique.ch\/wp-content\/uploads\/2021\/09\/Charlie_Parker_2C_Tommy_Potter_2C_Miles_Davis_2C_Duke_Jordan_2C_Max_Roach__28Gottlieb_06851_29-1024x769.jpg 1024w, https:\/\/edumusique.ch\/wp-content\/uploads\/2021\/09\/Charlie_Parker_2C_Tommy_Potter_2C_Miles_Davis_2C_Duke_Jordan_2C_Max_Roach__28Gottlieb_06851_29-768x577.jpg 768w, https:\/\/edumusique.ch\/wp-content\/uploads\/2021\/09\/Charlie_Parker_2C_Tommy_Potter_2C_Miles_Davis_2C_Duke_Jordan_2C_Max_Roach__28Gottlieb_06851_29-440x330.jpg 440w, https:\/\/edumusique.ch\/wp-content\/uploads\/2021\/09\/Charlie_Parker_2C_Tommy_Potter_2C_Miles_Davis_2C_Duke_Jordan_2C_Max_Roach__28Gottlieb_06851_29.jpg 1181w\" sizes=\"auto, (max-width: 300px) 100vw, 300px\" \/><figcaption>Tommy Potter, Charlie Parker (au saxophone), Max Roach (cach\u00e9 derri\u00e8re Parker), Miles Davis, et Duke Jordan, 1947, photographie, Biblioth\u00e8que du Congr\u00e8s, Washington D.C.<\/figcaption><\/figure><\/div>\n\n\n\n<p class=\"wp-block-paragraph\">Et, tr\u00e8s vite, les jazzmen comprennent les infinies possibilit\u00e9s du saxophone. Ce sont eux qui donneront raison \u00e0 Sax, en utilisant son invention pour \u00e9crire une nouvelle page de l\u2019histoire de la musique ! Source: Musiktips<\/p>\n\n\n\n<h1 class=\"wp-block-heading\">2. b) Les instruments dont le son est produit par une anche double<\/h1>\n\n\n\n<div class=\"wp-block-image\"><figure class=\"aligncenter size-full\"><img loading=\"lazy\" decoding=\"async\" width=\"100\" height=\"212\" src=\"https:\/\/edumusique.ch\/wp-content\/uploads\/2021\/09\/anche-double.jpg\" alt=\"\" class=\"wp-image-1163\"\/><figcaption>anches doubles<\/figcaption><\/figure><\/div>\n\n\n\n<div class=\"wp-block-image\"><figure class=\"aligncenter size-full\"><img loading=\"lazy\" decoding=\"async\" width=\"59\" height=\"86\" src=\"https:\/\/edumusique.ch\/wp-content\/uploads\/2021\/09\/anche-double-en-bouche.png\" alt=\"\" class=\"wp-image-1509\"\/><\/figure><\/div>\n\n\n\n<h3 class=\"wp-block-heading\"><strong>Le hautbois<\/strong><\/h3>\n\n\n\n<figure class=\"wp-block-embed is-type-video is-provider-youtube wp-block-embed-youtube wp-embed-aspect-4-3 wp-has-aspect-ratio\"><div class=\"wp-block-embed__wrapper\">\nhttps:\/\/youtu.be\/IkiAiDrXGfg\n<\/div><\/figure>\n\n\n\n<figure class=\"wp-block-embed is-type-rich is-provider-prise-en-charge-des-contenus-embarques wp-block-embed-prise-en-charge-des-contenus-embarques wp-embed-aspect-16-9 wp-has-aspect-ratio\"><div class=\"wp-block-embed__wrapper\">\n<iframe loading=\"lazy\" title=\"[Figures de Notes] Le hautbois, mode d\u2019emploi\" width=\"880\" height=\"495\" src=\"https:\/\/www.youtube.com\/embed\/-G1qkB3vQLo?feature=oembed\" frameborder=\"0\" allow=\"accelerometer; autoplay; clipboard-write; encrypted-media; gyroscope; picture-in-picture; web-share\" allowfullscreen><\/iframe>\n<\/div><\/figure>\n\n\n\n<h3 class=\"wp-block-heading\"><strong>Le cor anglais<\/strong><\/h3>\n\n\n\n<figure class=\"wp-block-embed is-type-rich is-provider-prise-en-charge-des-contenus-embarques wp-block-embed-prise-en-charge-des-contenus-embarques wp-embed-aspect-16-9 wp-has-aspect-ratio\"><div class=\"wp-block-embed__wrapper\">\n<iframe loading=\"lazy\" title=\"Dvorak : Symphonie n\u00b09 \u00ab Du Nouveau Monde \u00bb (philharmonique de Radio France \/ Marzena Diakun)\" width=\"880\" height=\"495\" src=\"https:\/\/www.youtube.com\/embed\/OV0KkYUa6iA?feature=oembed\" frameborder=\"0\" allow=\"accelerometer; autoplay; clipboard-write; encrypted-media; gyroscope; picture-in-picture; web-share\" allowfullscreen><\/iframe>\n<\/div><\/figure>\n\n\n\n<figure class=\"wp-block-embed is-type-video is-provider-youtube wp-block-embed-youtube wp-embed-aspect-16-9 wp-has-aspect-ratio\"><div class=\"wp-block-embed__wrapper\">\n<iframe loading=\"lazy\" title=\"[Figures de Notes] Le cor anglais, mode d\u2019emploi\" width=\"880\" height=\"495\" src=\"https:\/\/www.youtube.com\/embed\/oaC_azR8xkU?feature=oembed\" frameborder=\"0\" allow=\"accelerometer; autoplay; clipboard-write; encrypted-media; gyroscope; picture-in-picture; web-share\" allowfullscreen><\/iframe>\n<\/div><\/figure>\n\n\n\n<h3 class=\"wp-block-heading\"><strong>Le basson<\/strong><\/h3>\n\n\n\n<figure class=\"wp-block-video\"><video height=\"480\" style=\"aspect-ratio: 640 \/ 480;\" width=\"640\" controls src=\"https:\/\/edumusique.ch\/wp-content\/uploads\/2021\/09\/anche-double-basson.mp4\"><\/video><\/figure>\n\n\n\n<figure class=\"wp-block-embed is-type-video is-provider-youtube wp-block-embed-youtube wp-embed-aspect-16-9 wp-has-aspect-ratio\"><div class=\"wp-block-embed__wrapper\">\n<iframe loading=\"lazy\" title=\"[Figures de Notes] Le basson, mode d\u2019emploi\" width=\"880\" height=\"495\" src=\"https:\/\/www.youtube.com\/embed\/NwpT3VmaDGE?feature=oembed\" frameborder=\"0\" allow=\"accelerometer; autoplay; clipboard-write; encrypted-media; gyroscope; picture-in-picture; web-share\" allowfullscreen><\/iframe>\n<\/div><\/figure>\n\n\n\n<h3 class=\"wp-block-heading\">Le contrebasson<\/h3>\n\n\n\n<figure class=\"wp-block-embed is-type-video is-provider-youtube wp-block-embed-youtube wp-embed-aspect-16-9 wp-has-aspect-ratio\"><div class=\"wp-block-embed__wrapper\">\n<iframe loading=\"lazy\" title=\"[Figures de Notes] Le contrebasson, mode d\u2019emploi\" width=\"880\" height=\"495\" src=\"https:\/\/www.youtube.com\/embed\/Drn6bP9lFgg?feature=oembed\" frameborder=\"0\" allow=\"accelerometer; autoplay; clipboard-write; encrypted-media; gyroscope; picture-in-picture; web-share\" allowfullscreen><\/iframe>\n<\/div><\/figure>\n\n\n\n<h1 class=\"wp-block-heading\">Teste tes connaissances<\/h1>\n\n\n\n<h3 class=\"wp-block-heading\"><strong>Exercice 1<\/strong><\/h3>\n\n\n\n<iframe src=\"\/\/LearningApps.org\/watch?app=2599014\" style=\"border:0px;width:100%;height:500px\" webkitallowfullscreen=\"true\" mozallowfullscreen=\"true\"><\/iframe>\n\n\n\n<h3 class=\"wp-block-heading\"><strong>Exercice 2<\/strong><\/h3>\n\n\n\n<iframe src=\"https:\/\/learningapps.org\/watch?v=peycdcbyj17\" style=\"border:0px;width:100%;height:500px\" webkitallowfullscreen=\"true\" mozallowfullscreen=\"true\"><\/iframe>\n","protected":false},"excerpt":{"rendered":"<p>1. Les instruments dont le son est produit par un biseau Les fl\u00fbtes \u00e0 bec Les fl\u00fbtes traversi\u00e8res Le piccolo<\/p>\n<p><a href=\"https:\/\/edumusique.ch\/?page_id=273\" class=\"more-link\">Continue reading<span class=\"screen-reader-text\">Les bois<\/span><\/a><\/p>\n","protected":false},"author":1,"featured_media":0,"parent":0,"menu_order":0,"comment_status":"closed","ping_status":"closed","template":"","meta":{"footnotes":""},"class_list":["post-273","page","type-page","status-publish","hentry"],"_links":{"self":[{"href":"https:\/\/edumusique.ch\/index.php?rest_route=\/wp\/v2\/pages\/273","targetHints":{"allow":["GET"]}}],"collection":[{"href":"https:\/\/edumusique.ch\/index.php?rest_route=\/wp\/v2\/pages"}],"about":[{"href":"https:\/\/edumusique.ch\/index.php?rest_route=\/wp\/v2\/types\/page"}],"author":[{"embeddable":true,"href":"https:\/\/edumusique.ch\/index.php?rest_route=\/wp\/v2\/users\/1"}],"replies":[{"embeddable":true,"href":"https:\/\/edumusique.ch\/index.php?rest_route=%2Fwp%2Fv2%2Fcomments&post=273"}],"version-history":[{"count":16,"href":"https:\/\/edumusique.ch\/index.php?rest_route=\/wp\/v2\/pages\/273\/revisions"}],"predecessor-version":[{"id":1993,"href":"https:\/\/edumusique.ch\/index.php?rest_route=\/wp\/v2\/pages\/273\/revisions\/1993"}],"wp:attachment":[{"href":"https:\/\/edumusique.ch\/index.php?rest_route=%2Fwp%2Fv2%2Fmedia&parent=273"}],"curies":[{"name":"wp","href":"https:\/\/api.w.org\/{rel}","templated":true}]}}